{"id":596,"date":"2013-08-12T07:09:46","date_gmt":"2013-08-12T07:09:46","guid":{"rendered":"http:\/\/localhost\/wordpress-3-6\/?page_id=596"},"modified":"2025-08-25T20:33:52","modified_gmt":"2025-08-25T20:33:52","slug":"equipo","status":"publish","type":"page","link":"https:\/\/www.coroleabogados.com\/index.php\/equipo\/","title":{"rendered":"Equipo"},"content":{"rendered":"[vc_row type=\u00bbin_container\u00bb full_screen_row_position=\u00bbmiddle\u00bb column_margin=\u00bbdefault\u00bb column_direction=\u00bbdefault\u00bb column_direction_tablet=\u00bbdefault\u00bb column_direction_phone=\u00bbdefault\u00bb scene_position=\u00bbcenter\u00bb top_padding=\u00bb50&#8243; bottom_padding=\u00bb20&#8243; text_color=\u00bbdark\u00bb text_align=\u00bbleft\u00bb row_border_radius=\u00bbnone\u00bb row_border_radius_applies=\u00bbbg\u00bb overflow=\u00bbvisible\u00bb overlay_strength=\u00bb0.3&#8243; gradient_direction=\u00bbleft_to_right\u00bb shape_divider_position=\u00bbbottom\u00bb bg_image_animation=\u00bbnone\u00bb gradient_type=\u00bbdefault\u00bb shape_type=\u00bb\u00bb][vc_column column_padding=\u00bbno-extra-padding\u00bb column_padding_tablet=\u00bbinherit\u00bb column_padding_phone=\u00bbinherit\u00bb column_padding_position=\u00bball\u00bb column_element_direction_desktop=\u00bbdefault\u00bb column_element_spacing=\u00bbdefault\u00bb desktop_text_alignment=\u00bbdefault\u00bb tablet_text_alignment=\u00bbdefault\u00bb phone_text_alignment=\u00bbdefault\u00bb background_color_opacity=\u00bb1&#8243; background_hover_color_opacity=\u00bb1&#8243; column_backdrop_filter=\u00bbnone\u00bb column_shadow=\u00bbnone\u00bb column_border_radius=\u00bbnone\u00bb column_link_target=\u00bb_self\u00bb column_position=\u00bbdefault\u00bb gradient_direction=\u00bbleft_to_right\u00bb overlay_strength=\u00bb0.3&#8243; width=\u00bb1\/1&#8243; tablet_width_inherit=\u00bbdefault\u00bb animation_type=\u00bbdefault\u00bb bg_image_animation=\u00bbnone\u00bb border_type=\u00bbsimple\u00bb column_border_width=\u00bbnone\u00bb column_border_style=\u00bbsolid\u00bb][heading]Nuestro Equipo[\/heading][\/vc_column][\/vc_row][vc_row type=\u00bbfull_width_content\u00bb full_screen_row_position=\u00bbmiddle\u00bb column_margin=\u00bbdefault\u00bb equal_height=\u00bbyes\u00bb column_direction=\u00bbdefault\u00bb column_direction_tablet=\u00bbdefault\u00bb column_direction_phone=\u00bbdefault\u00bb scene_position=\u00bbcenter\u00bb top_padding=\u00bb0&#8243; bottom_padding=\u00bb0&#8243; text_color=\u00bblight\u00bb text_align=\u00bbleft\u00bb row_border_radius=\u00bbnone\u00bb row_border_radius_applies=\u00bbbg\u00bb overflow=\u00bbvisible\u00bb overlay_strength=\u00bb0.3&#8243; gradient_direction=\u00bbleft_to_right\u00bb shape_divider_position=\u00bbbottom\u00bb bg_image_animation=\u00bbnone\u00bb parallax_bg=\u00bbtrue\u00bb parallax_bg_speed=\u00bbfast\u00bb bg_pos=\u00bbLeft Top\u00bb background_color=\u00bb#171920&#8243; gradient_type=\u00bbdefault\u00bb shape_type=\u00bb\u00bb][vc_column column_padding=\u00bbno-extra-padding\u00bb column_padding_tablet=\u00bbinherit\u00bb column_padding_phone=\u00bbno-extra-padding\u00bb column_padding_position=\u00bball\u00bb top_margin=\u00bb0&#8243; constrain_group_1=\u00bbyes\u00bb bottom_margin=\u00bb0&#8243; left_margin=\u00bb0&#8243; constrain_group_2=\u00bbyes\u00bb right_margin=\u00bb0&#8243; left_margin_phone=\u00bb0&#8243; right_margin_phone=\u00bb0&#8243; column_element_direction_desktop=\u00bbdefault\u00bb column_element_spacing=\u00bbdefault\u00bb desktop_text_alignment=\u00bbdefault\u00bb tablet_text_alignment=\u00bbdefault\u00bb phone_text_alignment=\u00bbdefault\u00bb background_color_opacity=\u00bb1&#8243; background_hover_color_opacity=\u00bb1&#8243; column_backdrop_filter=\u00bbnone\u00bb column_shadow=\u00bbnone\u00bb column_border_radius=\u00bbnone\u00bb column_link_target=\u00bb_self\u00bb column_position=\u00bbdefault\u00bb gradient_direction=\u00bbleft_to_right\u00bb overlay_strength=\u00bb0.3&#8243; width=\u00bb1\/2&#8243; tablet_width_inherit=\u00bbdefault\u00bb animation_type=\u00bbdefault\u00bb enable_animation=\u00bbtrue\u00bb animation=\u00bbflip-in\u00bb animation_easing=\u00bbdefault\u00bb bg_image_animation=\u00bbnone\u00bb border_type=\u00bbsimple\u00bb column_border_width=\u00bbnone\u00bb column_border_style=\u00bbsolid\u00bb column_padding_type=\u00bbdefault\u00bb gradient_type=\u00bbdefault\u00bb][team_member image_url=\u00bb2848&#8243; team_memeber_style=\u00bbbio_fullscreen\u00bb image_loading=\u00bbdefault\u00bb team_member_bio_full_html=\u00bbsimple\u00bb name=\u00bbAb. Paola Cornejo\u00bb job_position=\u00bbFundadora y Directora Legal de COROLE Abogados\u00bb image_size=\u00bbfull\u00bb team_member_bio=\u00bbAbogada de los Tribunales y Juzgados de la Rep\u00fablica del Ecuador, graduada en la Universidad de Guayaquil en el a\u00f1o 2016. Desde el inicio de su carrera, su trayectoria profesional ha estado guiada por un firme compromiso con la justicia, la \u00e9tica y la excelencia t\u00e9cnica, lo que la llev\u00f3 a fundar y liderar COROLE Abogados, un estudio jur\u00eddico creado con la visi\u00f3n de ofrecer asesor\u00eda legal personalizada, eficiente y con alto valor estrat\u00e9gico.<br \/>\nCuenta con formaci\u00f3n especializada como Mediadora certificada por el Centro de Arbitraje y Mediaci\u00f3n y la Unidad de Educaci\u00f3n Continua de la Universidad de Especialidades Esp\u00edritu Santo \u2013 UEES. Adem\u00e1s, ha cursado un diplomado en Derecho Laboral en la Escuela de Posgrado en Derecho de esa misma universidad, consolidando as\u00ed su experiencia en un \u00e1rea clave para empresas y trabajadores.<br \/>\nDurante m\u00e1s de seis a\u00f1os se desempe\u00f1\u00f3 dentro del Consejo de la Judicatura, experiencia que le permiti\u00f3 conocer de cerca el funcionamiento del sistema judicial ecuatoriano y desarrollar una visi\u00f3n pr\u00e1ctica, eficiente y realista de la justicia. Hoy aplica esa experiencia no solo desde el litigio, sino tambi\u00e9n en la prevenci\u00f3n de conflictos y la construcci\u00f3n de soluciones colaborativas.<br \/>\nSu ejercicio profesional se enfoca en el Derecho Mar\u00edtimo, Laboral, Civil y Procesal, brindando asesor\u00eda tanto a personas naturales como jur\u00eddicas, con especial atenci\u00f3n a sectores como el comercio exterior, la industria pesquera y naviera, en los cuales ha desarrollado una visi\u00f3n t\u00e9cnica y estrat\u00e9gica del riesgo legal.<br \/>\nSu objetivo es que cada cliente sienta que cuenta con una aliada firme, preparada y comprometida con la defensa de sus derechos. En COROLE Abogados, promueve una abogac\u00eda moderna, cercana y resolutiva, trabajando cada d\u00eda para convertir ese ideal en una realidad tangible.\u00bb][\/team_member][\/vc_column][vc_column column_padding=\u00bbno-extra-padding\u00bb column_padding_tablet=\u00bbinherit\u00bb column_padding_phone=\u00bbinherit\u00bb column_padding_position=\u00bball\u00bb left_margin=\u00bb0&#8243; constrain_group_2=\u00bbyes\u00bb right_margin=\u00bb0&#8243; left_margin_phone=\u00bb0&#8243; right_margin_phone=\u00bb0&#8243; column_element_direction_desktop=\u00bbdefault\u00bb column_element_spacing=\u00bbdefault\u00bb desktop_text_alignment=\u00bbdefault\u00bb tablet_text_alignment=\u00bbdefault\u00bb phone_text_alignment=\u00bbdefault\u00bb background_color_opacity=\u00bb1&#8243; background_hover_color_opacity=\u00bb1&#8243; column_backdrop_filter=\u00bbnone\u00bb column_shadow=\u00bbnone\u00bb column_border_radius=\u00bbnone\u00bb column_link_target=\u00bb_self\u00bb column_position=\u00bbdefault\u00bb gradient_direction=\u00bbleft_to_right\u00bb overlay_strength=\u00bb0.3&#8243; width=\u00bb1\/2&#8243; tablet_width_inherit=\u00bbdefault\u00bb animation_type=\u00bbdefault\u00bb enable_animation=\u00bbtrue\u00bb animation=\u00bbflip-in\u00bb animation_easing=\u00bbdefault\u00bb bg_image_animation=\u00bbnone\u00bb border_type=\u00bbsimple\u00bb column_border_width=\u00bbnone\u00bb column_border_style=\u00bbsolid\u00bb column_padding_type=\u00bbdefault\u00bb gradient_type=\u00bbdefault\u00bb][team_member image_url=\u00bb2849&#8243; team_memeber_style=\u00bbbio_fullscreen\u00bb image_loading=\u00bbdefault\u00bb team_member_bio_full_html=\u00bbsimple\u00bb name=\u00bbAb. Alana Eugenio\u00bb job_position=\u00bbAbogada de COROLE Abogados\u00bb image_size=\u00bbfull\u00bb team_member_bio=\u00bbAbogada con menci\u00f3n en Derecho Empresarial y Tributario, egresada de la Universidad Ecotec, y actualmente cursa una maestr\u00eda en Derecho Procesal en la Universidad de Especialidades Esp\u00edritu Santo \u2013 UEES, con el firme prop\u00f3sito de fortalecer su visi\u00f3n t\u00e9cnica y estrat\u00e9gica en el ejercicio profesional.<br \/>\nSu formaci\u00f3n jur\u00eddica ha estado marcada por una experiencia pr\u00e1ctica diversa, que abarca desde su paso por instituciones p\u00fablicas hasta su trabajo en el sector financiero y privado. A lo largo de su trayectoria ha desarrollado competencias en litigio civil, laboral y en procesos relacionados con Ni\u00f1ez y Adolescencia.<br \/>\nActualmente forma parte del equipo de COROLE Abogados, donde se desempe\u00f1a como abogada litigante y asesora legal. Su ejercicio profesional se enfoca en el Derecho Procesal, con especializaci\u00f3n en litigios civiles y de Ni\u00f1ez y Adolescencia. Asume la representaci\u00f3n de los clientes en procesos judiciales, as\u00ed como la direcci\u00f3n t\u00e9cnica de los casos, desde la etapa preprocesal hasta la ejecuci\u00f3n de sentencias. Adem\u00e1s, est\u00e1 a cargo de la redacci\u00f3n integral de demandas, escritos procesales, contratos y minutas notariales, asegurando siempre un enfoque t\u00e9cnico, eficiente y estrat\u00e9gico en cada asunto jur\u00eddico.<br \/>\nSe caracteriza por ser una profesional proactiva, organizada y comprometida, con un alto sentido de responsabilidad y una marcada vocaci\u00f3n por la defensa t\u00e9cnica de los derechos. Cree firmemente en el Derecho como una herramienta de equilibrio, prevenci\u00f3n y justicia.<br \/>\nEn COROLE Abogados ha encontrado el espacio ideal para crecer, aportar y brindar a los clientes un servicio legal cercano, \u00e9tico y profesional.<br \/>\nAlana concentra su pr\u00e1ctica en el \u00e1rea corporativa y en resoluci\u00f3n de conflictos. Ha participado en diversos procesos de asesor\u00eda preventiva y Judicial en materia civil, con especial \u00e9nfasis en contratos. En el campo de resoluci\u00f3n de conflictos ha participado en arbitrajes ante el Centro de Arbitraje de la C\u00e1mara de Comercio de Quito.\u00bb][\/team_member][\/vc_column][\/vc_row][vc_row type=\u00bbfull_width_content\u00bb full_screen_row_position=\u00bbmiddle\u00bb column_margin=\u00bbdefault\u00bb column_direction=\u00bbdefault\u00bb column_direction_tablet=\u00bbdefault\u00bb column_direction_phone=\u00bbdefault\u00bb scene_position=\u00bbcenter\u00bb top_padding=\u00bb50&#8243; bottom_padding=\u00bb0&#8243; top_padding_phone=\u00bb0&#8243; text_color=\u00bblight\u00bb text_align=\u00bbleft\u00bb row_border_radius=\u00bbnone\u00bb row_border_radius_applies=\u00bbbg\u00bb overflow=\u00bbvisible\u00bb overlay_strength=\u00bb0.3&#8243; gradient_direction=\u00bbleft_to_right\u00bb shape_divider_position=\u00bbbottom\u00bb bg_image_animation=\u00bbnone\u00bb parallax_bg=\u00bbtrue\u00bb parallax_bg_speed=\u00bbfast\u00bb bg_pos=\u00bbLeft Top\u00bb background_color=\u00bb#171920&#8243; gradient_type=\u00bbdefault\u00bb shape_type=\u00bb\u00bb][vc_column column_padding=\u00bbno-extra-padding\u00bb column_padding_tablet=\u00bbinherit\u00bb column_padding_phone=\u00bbno-extra-padding\u00bb column_padding_position=\u00bball\u00bb top_margin=\u00bb0&#8243; constrain_group_1=\u00bbyes\u00bb bottom_margin=\u00bb0&#8243; left_margin=\u00bb0&#8243; constrain_group_2=\u00bbyes\u00bb right_margin=\u00bb0&#8243; left_margin_phone=\u00bb0&#8243; right_margin_phone=\u00bb0&#8243; column_element_direction_desktop=\u00bbdefault\u00bb column_element_spacing=\u00bbdefault\u00bb desktop_text_alignment=\u00bbdefault\u00bb tablet_text_alignment=\u00bbdefault\u00bb phone_text_alignment=\u00bbdefault\u00bb background_color_opacity=\u00bb1&#8243; background_hover_color_opacity=\u00bb1&#8243; column_backdrop_filter=\u00bbnone\u00bb column_shadow=\u00bbnone\u00bb column_border_radius=\u00bbnone\u00bb column_link_target=\u00bb_self\u00bb column_position=\u00bbdefault\u00bb gradient_direction=\u00bbleft_to_right\u00bb overlay_strength=\u00bb0.3&#8243; width=\u00bb1\/2&#8243; tablet_width_inherit=\u00bbdefault\u00bb animation_type=\u00bbdefault\u00bb enable_animation=\u00bbtrue\u00bb animation=\u00bbflip-in\u00bb animation_easing=\u00bbdefault\u00bb bg_image_animation=\u00bbnone\u00bb border_type=\u00bbsimple\u00bb column_border_width=\u00bbnone\u00bb column_border_style=\u00bbsolid\u00bb column_padding_type=\u00bbdefault\u00bb gradient_type=\u00bbdefault\u00bb][team_member image_url=\u00bb2853&#8243; bio_image_url=\u00bb2853&#8243; team_memeber_style=\u00bbbio_fullscreen\u00bb image_loading=\u00bbdefault\u00bb team_member_bio_full_html=\u00bbsimple\u00bb name=\u00bbSuyin Garc\u00eda Amen\u00bb image_size=\u00bbfull\u00bb team_member_bio=\u00bbCursa el \u00faltimo semestre de la carrera de Derecho en la Facultad de Derecho, Pol\u00edtica y Desarrollo de la Universidad de Especialidades Esp\u00edritu Santo (UEES). A lo largo de su formaci\u00f3n acad\u00e9mica ha adquirido s\u00f3lidos conocimientos en diversas \u00e1reas del Derecho, con especial \u00e9nfasis en Derecho Civil, Laboral, Penal y Aduanero, participando activamente en espacios de pr\u00e1ctica jur\u00eddica y desarrollo profesional.<br \/>\nParalelamente, ha dedicado varios a\u00f1os a actividades de ayuda social comunitaria, trabajando con personas en situaci\u00f3n de vulnerabilidad, lo que ha fortalecido su sensibilidad humana y su sentido de responsabilidad social como futura profesional del Derecho.<br \/>\nAdem\u00e1s, se ha desempe\u00f1ado como conferencista motivacional a nivel nacional, destac\u00e1ndose por su capacidad de liderazgo, habilidades comunicativas y conexi\u00f3n con distintos p\u00fablicos. Su vocaci\u00f3n por el Derecho, el compromiso con el aprendizaje constante y una experiencia integral le permiten proyectarse con firmeza en el ejercicio profesional jur\u00eddico.\u00bb job_position=\u00bbAsistente\u00bb][\/team_member][\/vc_column][vc_column column_padding=\u00bbno-extra-padding\u00bb column_padding_tablet=\u00bbinherit\u00bb column_padding_phone=\u00bbinherit\u00bb column_padding_position=\u00bball\u00bb left_margin=\u00bb0&#8243; constrain_group_2=\u00bbyes\u00bb right_margin=\u00bb0&#8243; left_margin_phone=\u00bb0&#8243; right_margin_phone=\u00bb0&#8243; column_element_direction_desktop=\u00bbdefault\u00bb column_element_spacing=\u00bbdefault\u00bb desktop_text_alignment=\u00bbdefault\u00bb tablet_text_alignment=\u00bbdefault\u00bb phone_text_alignment=\u00bbdefault\u00bb background_color_opacity=\u00bb1&#8243; background_hover_color_opacity=\u00bb1&#8243; column_backdrop_filter=\u00bbnone\u00bb column_shadow=\u00bbnone\u00bb column_border_radius=\u00bbnone\u00bb column_link_target=\u00bb_self\u00bb column_position=\u00bbdefault\u00bb gradient_direction=\u00bbleft_to_right\u00bb overlay_strength=\u00bb0.3&#8243; width=\u00bb1\/2&#8243; tablet_width_inherit=\u00bbdefault\u00bb animation_type=\u00bbdefault\u00bb enable_animation=\u00bbtrue\u00bb animation=\u00bbflip-in\u00bb animation_easing=\u00bbdefault\u00bb bg_image_animation=\u00bbnone\u00bb border_type=\u00bbsimple\u00bb column_border_width=\u00bbnone\u00bb column_border_style=\u00bbsolid\u00bb column_padding_type=\u00bbdefault\u00bb gradient_type=\u00bbdefault\u00bb][team_member image_url=\u00bb2850&#8243; bio_image_url=\u00bb2850&#8243; team_memeber_style=\u00bbbio_fullscreen\u00bb image_loading=\u00bbdefault\u00bb team_member_bio_full_html=\u00bbsimple\u00bb name=\u00bbCristina Barco Parrales\u00bb job_position=\u00bbAsistente\u00bb image_size=\u00bbfull\u00bb team_member_bio=\u00bbEs estudiante de la carrera de Derecho, actualmente en proceso de formaci\u00f3n profesional, con experiencia pr\u00e1ctica y enfoque en las \u00e1reas de Derecho Civil, Penal, Laboral y de Ni\u00f1ez y Adolescencia.<br \/>\nSu compromiso con la resoluci\u00f3n pac\u00edfica de conflictos la llev\u00f3 a certificarse como Mediadora por la Universidad de Especialidades Esp\u00edritu Santo (UEES), adquiriendo herramientas clave para facilitar el di\u00e1logo y la construcci\u00f3n de acuerdos entre las partes.<br \/>\nDentro del equipo legal de COROLE Abogados, se destaca por su responsabilidad, empat\u00eda y capacidad anal\u00edtica. Participa activamente en el acompa\u00f1amiento de procesos judiciales, redacci\u00f3n de escritos, an\u00e1lisis de casos y atenci\u00f3n directa a clientes, fortaleciendo as\u00ed su experiencia en el ejercicio profesional.<br \/>\nProyecta su carrera jur\u00eddica con una visi\u00f3n \u00e9tica, t\u00e9cnica y humana, con el objetivo de contribuir a una justicia m\u00e1s accesible y eficiente. Su formaci\u00f3n continua, compromiso con la excelencia y sensibilidad profesional la convierten en un valioso apoyo dentro del equipo jur\u00eddico.\u00bb][\/team_member][\/vc_column][\/vc_row][vc_row type=\u00bbfull_width_content\u00bb full_screen_row_position=\u00bbmiddle\u00bb column_margin=\u00bbdefault\u00bb column_direction=\u00bbdefault\u00bb column_direction_tablet=\u00bbdefault\u00bb column_direction_phone=\u00bbdefault\u00bb scene_position=\u00bbcenter\u00bb top_padding=\u00bb50&#8243; bottom_padding=\u00bb0&#8243; top_padding_phone=\u00bb0&#8243; text_color=\u00bblight\u00bb text_align=\u00bbleft\u00bb row_border_radius=\u00bbnone\u00bb row_border_radius_applies=\u00bbbg\u00bb overflow=\u00bbvisible\u00bb overlay_strength=\u00bb0.3&#8243; gradient_direction=\u00bbleft_to_right\u00bb shape_divider_position=\u00bbbottom\u00bb bg_image_animation=\u00bbnone\u00bb parallax_bg=\u00bbtrue\u00bb parallax_bg_speed=\u00bbfast\u00bb bg_pos=\u00bbLeft Top\u00bb background_color=\u00bb#171920&#8243; gradient_type=\u00bbdefault\u00bb shape_type=\u00bb\u00bb][vc_column column_padding=\u00bbno-extra-padding\u00bb column_padding_tablet=\u00bbinherit\u00bb column_padding_phone=\u00bbno-extra-padding\u00bb column_padding_position=\u00bball\u00bb top_margin=\u00bb0&#8243; constrain_group_1=\u00bbyes\u00bb bottom_margin=\u00bb0&#8243; left_margin=\u00bb0&#8243; constrain_group_2=\u00bbyes\u00bb right_margin=\u00bb0&#8243; left_margin_phone=\u00bb0&#8243; right_margin_phone=\u00bb0&#8243; column_element_direction_desktop=\u00bbdefault\u00bb column_element_spacing=\u00bbdefault\u00bb desktop_text_alignment=\u00bbdefault\u00bb tablet_text_alignment=\u00bbdefault\u00bb phone_text_alignment=\u00bbdefault\u00bb background_color_opacity=\u00bb1&#8243; background_hover_color_opacity=\u00bb1&#8243; column_backdrop_filter=\u00bbnone\u00bb column_shadow=\u00bbnone\u00bb column_border_radius=\u00bbnone\u00bb column_link_target=\u00bb_self\u00bb column_position=\u00bbdefault\u00bb gradient_direction=\u00bbleft_to_right\u00bb overlay_strength=\u00bb0.3&#8243; width=\u00bb1\/2&#8243; tablet_width_inherit=\u00bbdefault\u00bb animation_type=\u00bbdefault\u00bb enable_animation=\u00bbtrue\u00bb animation=\u00bbflip-in\u00bb animation_easing=\u00bbdefault\u00bb bg_image_animation=\u00bbnone\u00bb border_type=\u00bbsimple\u00bb column_border_width=\u00bbnone\u00bb column_border_style=\u00bbsolid\u00bb column_padding_type=\u00bbdefault\u00bb gradient_type=\u00bbdefault\u00bb][team_member image_url=\u00bb2851&#8243; bio_image_url=\u00bb2851&#8243; team_memeber_style=\u00bbbio_fullscreen\u00bb image_loading=\u00bbdefault\u00bb team_member_bio_full_html=\u00bbsimple\u00bb name=\u00bbAb. Felipe Cardenas\u00bb job_position=\u00bbAbogado\u00bb image_size=\u00bbfull\u00bb team_member_bio=\u00bbDesde el inicio de su carrera, ha concebido el Derecho no solo como una ciencia, sino como una herramienta de transformaci\u00f3n social. Es abogado con una s\u00f3lida formaci\u00f3n acad\u00e9mica y una visi\u00f3n estrat\u00e9gica orientada a brindar soluciones jur\u00eddicas claras, eficientes y ajustadas a las necesidades reales de cada cliente.<br \/>\nSe form\u00f3 como abogado en la Universidad T\u00e9cnica Particular de Loja y complement\u00f3 sus estudios con una Maestr\u00eda en Derecho de Empresa por la Universidad de Especialidades Esp\u00edritu Santo \u2013 UEES. Su preparaci\u00f3n acad\u00e9mica se ha enriquecido con constantes capacitaciones en t\u00e9cnicas de litigaci\u00f3n oral, jurisprudencia constitucional y procesos civiles, impartidas por instituciones como la Escuela de la Funci\u00f3n Judicial, la PUCE Cuenca y el Instituto Iberoamericano de Leyes y Econom\u00eda.<br \/>\nSu experiencia abarca tanto el sector p\u00fablico como el privado. Se ha desempe\u00f1ado como asesor jur\u00eddico de la Vicepresidencia del Consejo de Participaci\u00f3n Ciudadana y Control Social, donde tuvo a su cargo el an\u00e1lisis de garant\u00edas jurisdiccionales y la elaboraci\u00f3n de proyectos de resoluci\u00f3n. En el \u00e1mbito privado, ejerce como abogado litigante en libre ejercicio, patrocinando procesos en materia civil, empresarial, contractual, de familia y ni\u00f1ez y adolescencia.<br \/>\nAsimismo, brinda asesor\u00eda a empresas nacionales, especialmente en el \u00e1mbito contractual y de cumplimiento normativo, aportando no solo conocimiento jur\u00eddico, sino tambi\u00e9n una visi\u00f3n alineada con la l\u00f3gica empresarial. Se caracteriza por ser una persona meticulosa, proactiva y comprometida con la excelencia, cualidades que aplica en cada demanda, recurso o audiencia que lidera.<br \/>\nCree firmemente en la defensa de los derechos con \u00e9tica, responsabilidad y transparencia. Est\u00e1 convencido de que una asesor\u00eda legal de calidad no solo resuelve conflictos, sino que tambi\u00e9n los previene y abre nuevas oportunidades para quienes conf\u00edan en su trabajo.\u00bb][\/team_member][\/vc_column][vc_column column_padding=\u00bbno-extra-padding\u00bb column_padding_tablet=\u00bbinherit\u00bb column_padding_phone=\u00bbinherit\u00bb column_padding_position=\u00bball\u00bb left_margin=\u00bb0&#8243; constrain_group_2=\u00bbyes\u00bb right_margin=\u00bb0&#8243; left_margin_phone=\u00bb0&#8243; right_margin_phone=\u00bb0&#8243; column_element_direction_desktop=\u00bbdefault\u00bb column_element_spacing=\u00bbdefault\u00bb desktop_text_alignment=\u00bbdefault\u00bb tablet_text_alignment=\u00bbdefault\u00bb phone_text_alignment=\u00bbdefault\u00bb background_color_opacity=\u00bb1&#8243; background_hover_color_opacity=\u00bb1&#8243; column_backdrop_filter=\u00bbnone\u00bb column_shadow=\u00bbnone\u00bb column_border_radius=\u00bbnone\u00bb column_link_target=\u00bb_self\u00bb column_position=\u00bbdefault\u00bb gradient_direction=\u00bbleft_to_right\u00bb overlay_strength=\u00bb0.3&#8243; width=\u00bb1\/2&#8243; tablet_width_inherit=\u00bbdefault\u00bb animation_type=\u00bbdefault\u00bb enable_animation=\u00bbtrue\u00bb animation=\u00bbflip-in\u00bb animation_easing=\u00bbdefault\u00bb bg_image_animation=\u00bbnone\u00bb border_type=\u00bbsimple\u00bb column_border_width=\u00bbnone\u00bb column_border_style=\u00bbsolid\u00bb column_padding_type=\u00bbdefault\u00bb gradient_type=\u00bbdefault\u00bb][\/vc_column][\/vc_row][vc_row type=\u00bbin_container\u00bb full_screen_row_position=\u00bbmiddle\u00bb column_margin=\u00bbdefault\u00bb column_direction=\u00bbdefault\u00bb column_direction_tablet=\u00bbdefault\u00bb column_direction_phone=\u00bbdefault\u00bb scene_position=\u00bbcenter\u00bb top_padding=\u00bb100&#8243; text_color=\u00bbdark\u00bb text_align=\u00bbleft\u00bb row_border_radius=\u00bbnone\u00bb row_border_radius_applies=\u00bbbg\u00bb overflow=\u00bbvisible\u00bb overlay_strength=\u00bb0.3&#8243; gradient_direction=\u00bbleft_to_right\u00bb shape_divider_position=\u00bbbottom\u00bb bg_image_animation=\u00bbnone\u00bb parallax_bg=\u00bbtrue\u00bb parallax_bg_speed=\u00bbfast\u00bb gradient_type=\u00bbdefault\u00bb shape_type=\u00bb\u00bb][vc_column column_padding=\u00bbno-extra-padding\u00bb column_padding_tablet=\u00bbinherit\u00bb column_padding_phone=\u00bbinherit\u00bb column_padding_position=\u00bball\u00bb column_element_direction_desktop=\u00bbdefault\u00bb column_element_spacing=\u00bbdefault\u00bb centered_text=\u00bbtrue\u00bb desktop_text_alignment=\u00bbdefault\u00bb tablet_text_alignment=\u00bbdefault\u00bb phone_text_alignment=\u00bbdefault\u00bb background_color_opacity=\u00bb1&#8243; background_hover_color_opacity=\u00bb1&#8243; column_backdrop_filter=\u00bbnone\u00bb column_shadow=\u00bbnone\u00bb column_border_radius=\u00bbnone\u00bb column_link_target=\u00bb_self\u00bb column_position=\u00bbdefault\u00bb gradient_direction=\u00bbleft_to_right\u00bb overlay_strength=\u00bb0.3&#8243; width=\u00bb1\/5&#8243; tablet_width_inherit=\u00bbdefault\u00bb animation_type=\u00bbdefault\u00bb enable_animation=\u00bbtrue\u00bb animation=\u00bbfade-in-from-bottom\u00bb animation_easing=\u00bbdefault\u00bb bg_image_animation=\u00bbnone\u00bb border_type=\u00bbsimple\u00bb column_border_width=\u00bbnone\u00bb column_border_style=\u00bbsolid\u00bb][vc_row_inner column_margin=\u00bbdefault\u00bb column_direction=\u00bbdefault\u00bb column_direction_tablet=\u00bbdefault\u00bb column_direction_phone=\u00bbdefault\u00bb text_align=\u00bbleft\u00bb row_position=\u00bbdefault\u00bb row_position_tablet=\u00bbinherit\u00bb row_position_phone=\u00bbinherit\u00bb overflow=\u00bbvisible\u00bb pointer_events=\u00bball\u00bb][vc_column_inner column_padding=\u00bbno-extra-padding\u00bb column_padding_tablet=\u00bbinherit\u00bb column_padding_phone=\u00bbinherit\u00bb column_padding_position=\u00bball\u00bb column_element_direction_desktop=\u00bbdefault\u00bb column_element_spacing=\u00bbdefault\u00bb desktop_text_alignment=\u00bbdefault\u00bb tablet_text_alignment=\u00bbdefault\u00bb phone_text_alignment=\u00bbdefault\u00bb background_color_opacity=\u00bb1&#8243; background_hover_color_opacity=\u00bb1&#8243; column_backdrop_filter=\u00bbnone\u00bb column_shadow=\u00bbnone\u00bb column_border_radius=\u00bbnone\u00bb column_link_target=\u00bb_self\u00bb overflow=\u00bbvisible\u00bb gradient_direction=\u00bbleft_to_right\u00bb overlay_strength=\u00bb0.3&#8243; width=\u00bb1\/1&#8243; tablet_width_inherit=\u00bbdefault\u00bb animation_type=\u00bbdefault\u00bb enable_animation=\u00bbtrue\u00bb animation=\u00bbfade-in\u00bb animation_easing=\u00bbdefault\u00bb bg_image_animation=\u00bbnone\u00bb border_type=\u00bbsimple\u00bb column_border_width=\u00bbnone\u00bb column_border_style=\u00bbsolid\u00bb delay=\u00bb400&#8243;][vc_column_text]<a href=\"https:\/\/www.coroleabogados.com\/index.php\/derecho-constitucional\/\"><i class=\"icon-3x fa fa-university accent-color\"><i class=\"circle-border\"><\/i><\/i><\/a>[\/vc_column_text][\/vc_column_inner][\/vc_row_inner][vc_column_text]\n<h4>Derecho Constitucional<\/h4>\n<p>Protegemos tus derechos fundamentales y aseguramos el cumplimiento de la ley a trav\u00e9s del Derecho Constitucional.[\/vc_column_text][\/vc_column][vc_column column_padding=\u00bbno-extra-padding\u00bb column_padding_tablet=\u00bbinherit\u00bb column_padding_phone=\u00bbinherit\u00bb column_padding_position=\u00bball\u00bb column_element_direction_desktop=\u00bbdefault\u00bb column_element_spacing=\u00bbdefault\u00bb centered_text=\u00bbtrue\u00bb desktop_text_alignment=\u00bbdefault\u00bb tablet_text_alignment=\u00bbdefault\u00bb phone_text_alignment=\u00bbdefault\u00bb background_color_opacity=\u00bb1&#8243; background_hover_color_opacity=\u00bb1&#8243; column_backdrop_filter=\u00bbnone\u00bb column_shadow=\u00bbnone\u00bb column_border_radius=\u00bbnone\u00bb column_link_target=\u00bb_self\u00bb column_position=\u00bbdefault\u00bb gradient_direction=\u00bbleft_to_right\u00bb overlay_strength=\u00bb0.3&#8243; width=\u00bb1\/5&#8243; tablet_width_inherit=\u00bbdefault\u00bb animation_type=\u00bbdefault\u00bb enable_animation=\u00bbtrue\u00bb animation=\u00bbfade-in-from-bottom\u00bb animation_easing=\u00bbdefault\u00bb bg_image_animation=\u00bbnone\u00bb border_type=\u00bbsimple\u00bb column_border_width=\u00bbnone\u00bb column_border_style=\u00bbsolid\u00bb delay=\u00bb200&#8243;][vc_row_inner column_margin=\u00bbdefault\u00bb column_direction=\u00bbdefault\u00bb column_direction_tablet=\u00bbdefault\u00bb column_direction_phone=\u00bbdefault\u00bb text_align=\u00bbleft\u00bb row_position=\u00bbdefault\u00bb row_position_tablet=\u00bbinherit\u00bb row_position_phone=\u00bbinherit\u00bb overflow=\u00bbvisible\u00bb pointer_events=\u00bball\u00bb][vc_column_inner column_padding=\u00bbno-extra-padding\u00bb column_padding_tablet=\u00bbinherit\u00bb column_padding_phone=\u00bbinherit\u00bb column_padding_position=\u00bball\u00bb column_element_direction_desktop=\u00bbdefault\u00bb column_element_spacing=\u00bbdefault\u00bb desktop_text_alignment=\u00bbdefault\u00bb tablet_text_alignment=\u00bbdefault\u00bb phone_text_alignment=\u00bbdefault\u00bb background_color_opacity=\u00bb1&#8243; background_hover_color_opacity=\u00bb1&#8243; column_backdrop_filter=\u00bbnone\u00bb column_shadow=\u00bbnone\u00bb column_border_radius=\u00bbnone\u00bb column_link_target=\u00bb_self\u00bb overflow=\u00bbvisible\u00bb gradient_direction=\u00bbleft_to_right\u00bb overlay_strength=\u00bb0.3&#8243; width=\u00bb1\/1&#8243; tablet_width_inherit=\u00bbdefault\u00bb animation_type=\u00bbdefault\u00bb enable_animation=\u00bbtrue\u00bb animation=\u00bbfade-in\u00bb animation_easing=\u00bbdefault\u00bb bg_image_animation=\u00bbnone\u00bb border_type=\u00bbsimple\u00bb column_border_width=\u00bbnone\u00bb column_border_style=\u00bbsolid\u00bb delay=\u00bb600&#8243;][vc_column_text]<a href=\"https:\/\/www.coroleabogados.com\/index.php\/derecho-maritimo-y-portuario\/\"><i class=\"icon-3x fa fa-anchor accent-color\"><i class=\"circle-border\"><\/i><\/i><\/a>[\/vc_column_text][\/vc_column_inner][\/vc_row_inner][vc_column_text]\n<h4>Derecho Mar\u00edtimo y Portuario<\/h4>\n<p>Navega con confianza: ofrecemos asesor\u00eda legal especializada en Derecho Mar\u00edtimo y Portuario para proteger tus intereses en alta mar.[\/vc_column_text][\/vc_column][vc_column column_padding=\u00bbno-extra-padding\u00bb column_padding_tablet=\u00bbinherit\u00bb column_padding_phone=\u00bbinherit\u00bb column_padding_position=\u00bball\u00bb column_element_direction_desktop=\u00bbdefault\u00bb column_element_spacing=\u00bbdefault\u00bb centered_text=\u00bbtrue\u00bb desktop_text_alignment=\u00bbdefault\u00bb tablet_text_alignment=\u00bbdefault\u00bb phone_text_alignment=\u00bbdefault\u00bb background_color_opacity=\u00bb1&#8243; background_hover_color_opacity=\u00bb1&#8243; column_backdrop_filter=\u00bbnone\u00bb column_shadow=\u00bbnone\u00bb column_border_radius=\u00bbnone\u00bb column_link_target=\u00bb_self\u00bb column_position=\u00bbdefault\u00bb gradient_direction=\u00bbleft_to_right\u00bb overlay_strength=\u00bb0.3&#8243; width=\u00bb1\/5&#8243; tablet_width_inherit=\u00bbdefault\u00bb animation_type=\u00bbdefault\u00bb enable_animation=\u00bbtrue\u00bb animation=\u00bbfade-in-from-bottom\u00bb animation_easing=\u00bbdefault\u00bb bg_image_animation=\u00bbnone\u00bb border_type=\u00bbsimple\u00bb column_border_width=\u00bbnone\u00bb column_border_style=\u00bbsolid\u00bb delay=\u00bb400&#8243;][vc_row_inner column_margin=\u00bbdefault\u00bb column_direction=\u00bbdefault\u00bb column_direction_tablet=\u00bbdefault\u00bb column_direction_phone=\u00bbdefault\u00bb text_align=\u00bbleft\u00bb row_position=\u00bbdefault\u00bb row_position_tablet=\u00bbinherit\u00bb row_position_phone=\u00bbinherit\u00bb overflow=\u00bbvisible\u00bb pointer_events=\u00bball\u00bb][vc_column_inner column_padding=\u00bbno-extra-padding\u00bb column_padding_tablet=\u00bbinherit\u00bb column_padding_phone=\u00bbinherit\u00bb column_padding_position=\u00bball\u00bb column_element_direction_desktop=\u00bbdefault\u00bb column_element_spacing=\u00bbdefault\u00bb desktop_text_alignment=\u00bbdefault\u00bb tablet_text_alignment=\u00bbdefault\u00bb phone_text_alignment=\u00bbdefault\u00bb background_color_opacity=\u00bb1&#8243; background_hover_color_opacity=\u00bb1&#8243; column_backdrop_filter=\u00bbnone\u00bb column_shadow=\u00bbnone\u00bb column_border_radius=\u00bbnone\u00bb column_link_target=\u00bb_self\u00bb overflow=\u00bbvisible\u00bb gradient_direction=\u00bbleft_to_right\u00bb overlay_strength=\u00bb0.3&#8243; width=\u00bb1\/1&#8243; tablet_width_inherit=\u00bbdefault\u00bb animation_type=\u00bbdefault\u00bb enable_animation=\u00bbtrue\u00bb animation=\u00bbfade-in\u00bb animation_easing=\u00bbdefault\u00bb bg_image_animation=\u00bbnone\u00bb border_type=\u00bbsimple\u00bb column_border_width=\u00bbnone\u00bb column_border_style=\u00bbsolid\u00bb delay=\u00bb800&#8243;][vc_column_text]<a href=\"https:\/\/www.coroleabogados.com\/index.php\/derecho-aduanero\/\"><i class=\"icon-3x fa fa-shopping-bag accent-color\"><i class=\"circle-border\"><\/i><\/i><\/a>[\/vc_column_text][\/vc_column_inner][\/vc_row_inner][vc_column_text]\n<h4>Derecho Aduanero<\/h4>\n<p>Facilitamos tus operaciones comerciales internacionales con nuestro expertise en Derecho Aduanero, garantizando el cumplimiento normativo y optimizando tus procesos aduaneros.[\/vc_column_text][\/vc_column][vc_column column_padding=\u00bbno-extra-padding\u00bb column_padding_tablet=\u00bbinherit\u00bb column_padding_phone=\u00bbinherit\u00bb column_padding_position=\u00bball\u00bb column_element_direction_desktop=\u00bbdefault\u00bb column_element_spacing=\u00bbdefault\u00bb centered_text=\u00bbtrue\u00bb desktop_text_alignment=\u00bbdefault\u00bb tablet_text_alignment=\u00bbdefault\u00bb phone_text_alignment=\u00bbdefault\u00bb background_color_opacity=\u00bb1&#8243; background_hover_color_opacity=\u00bb1&#8243; column_backdrop_filter=\u00bbnone\u00bb column_shadow=\u00bbnone\u00bb column_border_radius=\u00bbnone\u00bb column_link_target=\u00bb_self\u00bb column_position=\u00bbdefault\u00bb gradient_direction=\u00bbleft_to_right\u00bb overlay_strength=\u00bb0.3&#8243; width=\u00bb1\/5&#8243; tablet_width_inherit=\u00bbdefault\u00bb animation_type=\u00bbdefault\u00bb enable_animation=\u00bbtrue\u00bb animation=\u00bbfade-in-from-bottom\u00bb animation_easing=\u00bbdefault\u00bb bg_image_animation=\u00bbnone\u00bb border_type=\u00bbsimple\u00bb column_border_width=\u00bbnone\u00bb column_border_style=\u00bbsolid\u00bb delay=\u00bb600&#8243;][vc_row_inner column_margin=\u00bbdefault\u00bb column_direction=\u00bbdefault\u00bb column_direction_tablet=\u00bbdefault\u00bb column_direction_phone=\u00bbdefault\u00bb text_align=\u00bbleft\u00bb row_position=\u00bbdefault\u00bb row_position_tablet=\u00bbinherit\u00bb row_position_phone=\u00bbinherit\u00bb overflow=\u00bbvisible\u00bb pointer_events=\u00bball\u00bb][vc_column_inner column_padding=\u00bbno-extra-padding\u00bb column_padding_tablet=\u00bbinherit\u00bb column_padding_phone=\u00bbinherit\u00bb column_padding_position=\u00bball\u00bb column_element_direction_desktop=\u00bbdefault\u00bb column_element_spacing=\u00bbdefault\u00bb desktop_text_alignment=\u00bbdefault\u00bb tablet_text_alignment=\u00bbdefault\u00bb phone_text_alignment=\u00bbdefault\u00bb background_color_opacity=\u00bb1&#8243; background_hover_color_opacity=\u00bb1&#8243; column_backdrop_filter=\u00bbnone\u00bb column_shadow=\u00bbnone\u00bb column_border_radius=\u00bbnone\u00bb column_link_target=\u00bb_self\u00bb overflow=\u00bbvisible\u00bb gradient_direction=\u00bbleft_to_right\u00bb overlay_strength=\u00bb0.3&#8243; width=\u00bb1\/1&#8243; tablet_width_inherit=\u00bbdefault\u00bb animation_type=\u00bbdefault\u00bb enable_animation=\u00bbtrue\u00bb animation=\u00bbfade-in\u00bb animation_easing=\u00bbdefault\u00bb bg_image_animation=\u00bbnone\u00bb border_type=\u00bbsimple\u00bb column_border_width=\u00bbnone\u00bb column_border_style=\u00bbsolid\u00bb delay=\u00bb1000&#8243;][vc_column_text]<a href=\"https:\/\/www.coroleabogados.com\/index.php\/derecho-laboral\/\"><i class=\"icon-3x fa fa-briefcase accent-color\"><i class=\"circle-border\"><\/i><\/i><\/a>[\/vc_column_text][\/vc_column_inner][\/vc_row_inner][vc_column_text]\n<h4>Derecho Laboral<\/h4>\n<p>Protegemos tus derechos laborales y brindamos soluciones legales eficientes en el \u00e1mbito del Derecho Laboral para empleados y empleadores[\/vc_column_text][\/vc_column][vc_column column_padding=\u00bbno-extra-padding\u00bb column_padding_tablet=\u00bbinherit\u00bb column_padding_phone=\u00bbinherit\u00bb column_padding_position=\u00bball\u00bb column_element_direction_desktop=\u00bbdefault\u00bb column_element_spacing=\u00bbdefault\u00bb centered_text=\u00bbtrue\u00bb desktop_text_alignment=\u00bbdefault\u00bb tablet_text_alignment=\u00bbdefault\u00bb phone_text_alignment=\u00bbdefault\u00bb background_color_opacity=\u00bb1&#8243; background_hover_color_opacity=\u00bb1&#8243; column_backdrop_filter=\u00bbnone\u00bb column_shadow=\u00bbnone\u00bb column_border_radius=\u00bbnone\u00bb column_link_target=\u00bb_self\u00bb column_position=\u00bbdefault\u00bb gradient_direction=\u00bbleft_to_right\u00bb overlay_strength=\u00bb0.3&#8243; width=\u00bb1\/5&#8243; tablet_width_inherit=\u00bbdefault\u00bb animation_type=\u00bbdefault\u00bb enable_animation=\u00bbtrue\u00bb animation=\u00bbfade-in-from-bottom\u00bb animation_easing=\u00bbdefault\u00bb bg_image_animation=\u00bbnone\u00bb border_type=\u00bbsimple\u00bb column_border_width=\u00bbnone\u00bb column_border_style=\u00bbsolid\u00bb column_padding_type=\u00bbdefault\u00bb gradient_type=\u00bbdefault\u00bb delay=\u00bb800&#8243;][vc_column_text]<a href=\"https:\/\/www.coroleabogados.com\/index.php\/resolucion-de-conflictos\/\"><i class=\"icon-3x fa fa-handshake-o accent-color\"><i class=\"circle-border\"><\/i><\/i><\/a>[\/vc_column_text][vc_column_text]\n<h4>Resoluci\u00f3n de Conflictos<\/h4>\n<p>Resolvemos conflictos legales de manera efectiva y equitativa, ofreciendo soluciones pac\u00edficas y justas a trav\u00e9s de nuestra experiencia especializada.[\/vc_column_text][\/vc_column][\/vc_row][vc_row type=\u00bbin_container\u00bb full_screen_row_position=\u00bbmiddle\u00bb column_margin=\u00bbdefault\u00bb column_direction=\u00bbdefault\u00bb column_direction_tablet=\u00bbdefault\u00bb column_direction_phone=\u00bbdefault\u00bb scene_position=\u00bbcenter\u00bb top_padding=\u00bb120&#8243; bottom_padding=\u00bb80&#8243; text_color=\u00bbdark\u00bb text_align=\u00bbleft\u00bb row_border_radius=\u00bbnone\u00bb row_border_radius_applies=\u00bbbg\u00bb overflow=\u00bbvisible\u00bb overlay_strength=\u00bb0.3&#8243; gradient_direction=\u00bbleft_to_right\u00bb shape_divider_position=\u00bbbottom\u00bb bg_image_animation=\u00bbnone\u00bb parallax_bg=\u00bbtrue\u00bb parallax_bg_speed=\u00bbfast\u00bb][vc_column column_padding=\u00bbno-extra-padding\u00bb column_padding_tablet=\u00bbinherit\u00bb column_padding_phone=\u00bbinherit\u00bb column_padding_position=\u00bball\u00bb column_element_direction_desktop=\u00bbdefault\u00bb column_element_spacing=\u00bbdefault\u00bb centered_text=\u00bbtrue\u00bb desktop_text_alignment=\u00bbdefault\u00bb tablet_text_alignment=\u00bbdefault\u00bb phone_text_alignment=\u00bbdefault\u00bb background_color_opacity=\u00bb1&#8243; background_hover_color_opacity=\u00bb1&#8243; column_backdrop_filter=\u00bbnone\u00bb column_shadow=\u00bbnone\u00bb column_border_radius=\u00bbnone\u00bb column_link_target=\u00bb_self\u00bb column_position=\u00bbdefault\u00bb gradient_direction=\u00bbleft_to_right\u00bb overlay_strength=\u00bb0.3&#8243; width=\u00bb1\/5&#8243; tablet_width_inherit=\u00bbdefault\u00bb animation_type=\u00bbdefault\u00bb enable_animation=\u00bbtrue\u00bb animation=\u00bbfade-in-from-bottom\u00bb animation_easing=\u00bbdefault\u00bb bg_image_animation=\u00bbnone\u00bb border_type=\u00bbsimple\u00bb column_border_width=\u00bbnone\u00bb column_border_style=\u00bbsolid\u00bb][vc_row_inner column_margin=\u00bbdefault\u00bb column_direction=\u00bbdefault\u00bb column_direction_tablet=\u00bbdefault\u00bb column_direction_phone=\u00bbdefault\u00bb text_align=\u00bbleft\u00bb row_position=\u00bbdefault\u00bb row_position_tablet=\u00bbinherit\u00bb row_position_phone=\u00bbinherit\u00bb overflow=\u00bbvisible\u00bb pointer_events=\u00bball\u00bb][vc_column_inner column_padding=\u00bbno-extra-padding\u00bb column_padding_tablet=\u00bbinherit\u00bb column_padding_phone=\u00bbinherit\u00bb column_padding_position=\u00bball\u00bb column_element_direction_desktop=\u00bbdefault\u00bb column_element_spacing=\u00bbdefault\u00bb desktop_text_alignment=\u00bbdefault\u00bb tablet_text_alignment=\u00bbdefault\u00bb phone_text_alignment=\u00bbdefault\u00bb background_color_opacity=\u00bb1&#8243; background_hover_color_opacity=\u00bb1&#8243; column_backdrop_filter=\u00bbnone\u00bb column_shadow=\u00bbnone\u00bb column_border_radius=\u00bbnone\u00bb column_link_target=\u00bb_self\u00bb overflow=\u00bbvisible\u00bb gradient_direction=\u00bbleft_to_right\u00bb overlay_strength=\u00bb0.3&#8243; width=\u00bb1\/1&#8243; tablet_width_inherit=\u00bbdefault\u00bb animation_type=\u00bbdefault\u00bb enable_animation=\u00bbtrue\u00bb animation=\u00bbfade-in\u00bb animation_easing=\u00bbdefault\u00bb bg_image_animation=\u00bbnone\u00bb border_type=\u00bbsimple\u00bb column_border_width=\u00bbnone\u00bb column_border_style=\u00bbsolid\u00bb delay=\u00bb400&#8243;][vc_column_text]<a href=\"https:\/\/www.coroleabogados.com\/index.php\/derecho-civil-y-comercial\/\"><i class=\"icon-3x fa fa-balance-scale accent-color\"><i class=\"circle-border\"><\/i><\/i><\/a>[\/vc_column_text][\/vc_column_inner][\/vc_row_inner][vc_column_text]\n<h4>Derecho Civil y Comercial<\/h4>\n<p>Protegemos tus derechos en asuntos civiles y comerciales, brindando asesor\u00eda legal s\u00f3lida y estrategias efectivas para alcanzar tus objetivos.[\/vc_column_text][\/vc_column][vc_column column_padding=\u00bbno-extra-padding\u00bb column_padding_tablet=\u00bbinherit\u00bb column_padding_phone=\u00bbinherit\u00bb column_padding_position=\u00bball\u00bb column_element_direction_desktop=\u00bbdefault\u00bb column_element_spacing=\u00bbdefault\u00bb centered_text=\u00bbtrue\u00bb desktop_text_alignment=\u00bbdefault\u00bb tablet_text_alignment=\u00bbdefault\u00bb phone_text_alignment=\u00bbdefault\u00bb background_color_opacity=\u00bb1&#8243; background_hover_color_opacity=\u00bb1&#8243; column_backdrop_filter=\u00bbnone\u00bb column_shadow=\u00bbnone\u00bb column_border_radius=\u00bbnone\u00bb column_link_target=\u00bb_self\u00bb column_position=\u00bbdefault\u00bb gradient_direction=\u00bbleft_to_right\u00bb overlay_strength=\u00bb0.3&#8243; width=\u00bb1\/5&#8243; tablet_width_inherit=\u00bbdefault\u00bb animation_type=\u00bbdefault\u00bb enable_animation=\u00bbtrue\u00bb animation=\u00bbfade-in-from-bottom\u00bb animation_easing=\u00bbdefault\u00bb bg_image_animation=\u00bbnone\u00bb border_type=\u00bbsimple\u00bb column_border_width=\u00bbnone\u00bb column_border_style=\u00bbsolid\u00bb delay=\u00bb200&#8243;][vc_row_inner column_margin=\u00bbdefault\u00bb column_direction=\u00bbdefault\u00bb column_direction_tablet=\u00bbdefault\u00bb column_direction_phone=\u00bbdefault\u00bb text_align=\u00bbleft\u00bb row_position=\u00bbdefault\u00bb row_position_tablet=\u00bbinherit\u00bb row_position_phone=\u00bbinherit\u00bb overflow=\u00bbvisible\u00bb pointer_events=\u00bball\u00bb][vc_column_inner column_padding=\u00bbno-extra-padding\u00bb column_padding_tablet=\u00bbinherit\u00bb column_padding_phone=\u00bbinherit\u00bb column_padding_position=\u00bball\u00bb column_element_direction_desktop=\u00bbdefault\u00bb column_element_spacing=\u00bbdefault\u00bb desktop_text_alignment=\u00bbdefault\u00bb tablet_text_alignment=\u00bbdefault\u00bb phone_text_alignment=\u00bbdefault\u00bb background_color_opacity=\u00bb1&#8243; background_hover_color_opacity=\u00bb1&#8243; column_backdrop_filter=\u00bbnone\u00bb column_shadow=\u00bbnone\u00bb column_border_radius=\u00bbnone\u00bb column_link_target=\u00bb_self\u00bb overflow=\u00bbvisible\u00bb gradient_direction=\u00bbleft_to_right\u00bb overlay_strength=\u00bb0.3&#8243; width=\u00bb1\/1&#8243; tablet_width_inherit=\u00bbdefault\u00bb animation_type=\u00bbdefault\u00bb enable_animation=\u00bbtrue\u00bb animation=\u00bbfade-in\u00bb animation_easing=\u00bbdefault\u00bb bg_image_animation=\u00bbnone\u00bb border_type=\u00bbsimple\u00bb column_border_width=\u00bbnone\u00bb column_border_style=\u00bbsolid\u00bb delay=\u00bb600&#8243;][vc_column_text]<a href=\"https:\/\/www.coroleabogados.com\/index.php\/derecho-de-familia\/\"><i class=\"icon-3x fa fa-users accent-color\"><i class=\"circle-border\"><\/i><\/i><\/a>[\/vc_column_text][\/vc_column_inner][\/vc_row_inner][vc_column_text]\n<h4>Derecho de Familia<\/h4>\n<p>Brindamos asesoramiento legal especializado en Derecho de Familia, protegiendo tus intereses y gui\u00e1ndote en momentos importantes de tu vida.[\/vc_column_text][\/vc_column][vc_column column_padding=\u00bbno-extra-padding\u00bb column_padding_tablet=\u00bbinherit\u00bb column_padding_phone=\u00bbinherit\u00bb column_padding_position=\u00bball\u00bb column_element_direction_desktop=\u00bbdefault\u00bb column_element_spacing=\u00bbdefault\u00bb centered_text=\u00bbtrue\u00bb desktop_text_alignment=\u00bbdefault\u00bb tablet_text_alignment=\u00bbdefault\u00bb phone_text_alignment=\u00bbdefault\u00bb background_color_opacity=\u00bb1&#8243; background_hover_color_opacity=\u00bb1&#8243; column_backdrop_filter=\u00bbnone\u00bb column_shadow=\u00bbnone\u00bb column_border_radius=\u00bbnone\u00bb column_link_target=\u00bb_self\u00bb column_position=\u00bbdefault\u00bb gradient_direction=\u00bbleft_to_right\u00bb overlay_strength=\u00bb0.3&#8243; width=\u00bb1\/5&#8243; tablet_width_inherit=\u00bbdefault\u00bb animation_type=\u00bbdefault\u00bb enable_animation=\u00bbtrue\u00bb animation=\u00bbfade-in-from-bottom\u00bb animation_easing=\u00bbdefault\u00bb bg_image_animation=\u00bbnone\u00bb border_type=\u00bbsimple\u00bb column_border_width=\u00bbnone\u00bb column_border_style=\u00bbsolid\u00bb delay=\u00bb400&#8243;][vc_row_inner column_margin=\u00bbdefault\u00bb column_direction=\u00bbdefault\u00bb column_direction_tablet=\u00bbdefault\u00bb column_direction_phone=\u00bbdefault\u00bb text_align=\u00bbleft\u00bb row_position=\u00bbdefault\u00bb row_position_tablet=\u00bbinherit\u00bb row_position_phone=\u00bbinherit\u00bb overflow=\u00bbvisible\u00bb pointer_events=\u00bball\u00bb][vc_column_inner column_padding=\u00bbno-extra-padding\u00bb column_padding_tablet=\u00bbinherit\u00bb column_padding_phone=\u00bbinherit\u00bb column_padding_position=\u00bball\u00bb column_element_direction_desktop=\u00bbdefault\u00bb column_element_spacing=\u00bbdefault\u00bb desktop_text_alignment=\u00bbdefault\u00bb tablet_text_alignment=\u00bbdefault\u00bb phone_text_alignment=\u00bbdefault\u00bb background_color_opacity=\u00bb1&#8243; background_hover_color_opacity=\u00bb1&#8243; column_backdrop_filter=\u00bbnone\u00bb column_shadow=\u00bbnone\u00bb column_border_radius=\u00bbnone\u00bb column_link_target=\u00bb_self\u00bb overflow=\u00bbvisible\u00bb gradient_direction=\u00bbleft_to_right\u00bb overlay_strength=\u00bb0.3&#8243; width=\u00bb1\/1&#8243; tablet_width_inherit=\u00bbdefault\u00bb animation_type=\u00bbdefault\u00bb enable_animation=\u00bbtrue\u00bb animation=\u00bbfade-in\u00bb animation_easing=\u00bbdefault\u00bb bg_image_animation=\u00bbnone\u00bb border_type=\u00bbsimple\u00bb column_border_width=\u00bbnone\u00bb column_border_style=\u00bbsolid\u00bb delay=\u00bb800&#8243;][vc_column_text]<a href=\"https:\/\/www.coroleabogados.com\/index.php\/derecho-penal-y-violencia-intrafamiliar\/\"><i class=\"icon-3x fa fa-gavel accent-color\"><i class=\"circle-border\"><\/i><\/i><\/a>[\/vc_column_text][\/vc_column_inner][\/vc_row_inner][vc_column_text]\n<h4>Derecho Penal y Violencia Intrafamiliar<\/h4>\n<p>Defendemos tus derechos y luchamos contra la violencia intrafamiliar a trav\u00e9s de nuestro servicio especializado en Derecho Penal.[\/vc_column_text][\/vc_column][vc_column column_padding=\u00bbno-extra-padding\u00bb column_padding_tablet=\u00bbinherit\u00bb column_padding_phone=\u00bbinherit\u00bb column_padding_position=\u00bball\u00bb column_element_direction_desktop=\u00bbdefault\u00bb column_element_spacing=\u00bbdefault\u00bb centered_text=\u00bbtrue\u00bb desktop_text_alignment=\u00bbdefault\u00bb tablet_text_alignment=\u00bbdefault\u00bb phone_text_alignment=\u00bbdefault\u00bb background_color_opacity=\u00bb1&#8243; background_hover_color_opacity=\u00bb1&#8243; column_backdrop_filter=\u00bbnone\u00bb column_shadow=\u00bbnone\u00bb column_border_radius=\u00bbnone\u00bb column_link_target=\u00bb_self\u00bb column_position=\u00bbdefault\u00bb gradient_direction=\u00bbleft_to_right\u00bb overlay_strength=\u00bb0.3&#8243; width=\u00bb1\/5&#8243; tablet_width_inherit=\u00bbdefault\u00bb animation_type=\u00bbdefault\u00bb enable_animation=\u00bbtrue\u00bb animation=\u00bbfade-in-from-bottom\u00bb animation_easing=\u00bbdefault\u00bb bg_image_animation=\u00bbnone\u00bb border_type=\u00bbsimple\u00bb column_border_width=\u00bbnone\u00bb column_border_style=\u00bbsolid\u00bb delay=\u00bb600&#8243;][vc_row_inner column_margin=\u00bbdefault\u00bb column_direction=\u00bbdefault\u00bb column_direction_tablet=\u00bbdefault\u00bb column_direction_phone=\u00bbdefault\u00bb text_align=\u00bbleft\u00bb row_position=\u00bbdefault\u00bb row_position_tablet=\u00bbinherit\u00bb row_position_phone=\u00bbinherit\u00bb overflow=\u00bbvisible\u00bb pointer_events=\u00bball\u00bb][vc_column_inner column_padding=\u00bbno-extra-padding\u00bb column_padding_tablet=\u00bbinherit\u00bb column_padding_phone=\u00bbinherit\u00bb column_padding_position=\u00bball\u00bb column_element_direction_desktop=\u00bbdefault\u00bb column_element_spacing=\u00bbdefault\u00bb desktop_text_alignment=\u00bbdefault\u00bb tablet_text_alignment=\u00bbdefault\u00bb phone_text_alignment=\u00bbdefault\u00bb background_color_opacity=\u00bb1&#8243; background_hover_color_opacity=\u00bb1&#8243; column_backdrop_filter=\u00bbnone\u00bb column_shadow=\u00bbnone\u00bb column_border_radius=\u00bbnone\u00bb column_link_target=\u00bb_self\u00bb overflow=\u00bbvisible\u00bb gradient_direction=\u00bbleft_to_right\u00bb overlay_strength=\u00bb0.3&#8243; width=\u00bb1\/1&#8243; tablet_width_inherit=\u00bbdefault\u00bb animation_type=\u00bbdefault\u00bb enable_animation=\u00bbtrue\u00bb animation=\u00bbfade-in\u00bb animation_easing=\u00bbdefault\u00bb bg_image_animation=\u00bbnone\u00bb border_type=\u00bbsimple\u00bb column_border_width=\u00bbnone\u00bb column_border_style=\u00bbsolid\u00bb delay=\u00bb1000&#8243;][vc_column_text]<a href=\"https:\/\/www.coroleabogados.com\/index.php\/sector-publico-y-privatizaciones\/\"><i class=\"icon-3x fa fa-flag accent-color\"><i class=\"circle-border\"><\/i><\/i><\/a>[\/vc_column_text][\/vc_column_inner][\/vc_row_inner][vc_column_text]\n<h4>Sector P\u00fablico y Privatizaciones<\/h4>\n<p>Optimizamos los servicios p\u00fablicos y asesoramos en procesos de privatizaci\u00f3n, asegurando eficiencia y cumplimiento normativo para beneficio de todos.[\/vc_column_text][\/vc_column][vc_column column_padding=\u00bbno-extra-padding\u00bb column_padding_tablet=\u00bbinherit\u00bb column_padding_phone=\u00bbinherit\u00bb column_padding_position=\u00bball\u00bb column_element_direction_desktop=\u00bbdefault\u00bb column_element_spacing=\u00bbdefault\u00bb centered_text=\u00bbtrue\u00bb desktop_text_alignment=\u00bbdefault\u00bb tablet_text_alignment=\u00bbdefault\u00bb phone_text_alignment=\u00bbdefault\u00bb background_color_opacity=\u00bb1&#8243; background_hover_color_opacity=\u00bb1&#8243; column_backdrop_filter=\u00bbnone\u00bb column_shadow=\u00bbnone\u00bb column_border_radius=\u00bbnone\u00bb column_link_target=\u00bb_self\u00bb column_position=\u00bbdefault\u00bb gradient_direction=\u00bbleft_to_right\u00bb overlay_strength=\u00bb0.3&#8243; width=\u00bb1\/5&#8243; tablet_width_inherit=\u00bbdefault\u00bb animation_type=\u00bbdefault\u00bb enable_animation=\u00bbtrue\u00bb animation=\u00bbfade-in-from-bottom\u00bb animation_easing=\u00bbdefault\u00bb bg_image_animation=\u00bbnone\u00bb border_type=\u00bbsimple\u00bb column_border_width=\u00bbnone\u00bb column_border_style=\u00bbsolid\u00bb column_padding_type=\u00bbdefault\u00bb gradient_type=\u00bbdefault\u00bb delay=\u00bb800&#8243;][vc_column_text]<a href=\"https:\/\/www.coroleabogados.com\/index.php\/derecho-societario\/\"><i class=\"icon-3x fa fa-slideshare accent-color\"><i class=\"circle-border\"><\/i><\/i><\/a>[\/vc_column_text][vc_column_text]\n<h4>Derecho Societario<\/h4>\n<p>Ofrecemos asesor\u00eda especializada en Derecho Societario para estructurar y proteger tus negocios, garantizando un marco legal s\u00f3lido.[\/vc_column_text][\/vc_column][\/vc_row]\n","protected":false},"excerpt":{"rendered":"<p>[vc_row type=\u00bbin_container\u00bb full_screen_row_position=\u00bbmiddle\u00bb column_margin=\u00bbdefault\u00bb column_direction=\u00bbdefault\u00bb column_direction_tablet=\u00bbdefault\u00bb column_direction_phone=\u00bbdefault\u00bb scene_position=\u00bbcenter\u00bb top_padding=\u00bb50&#8243; bottom_padding=\u00bb20&#8243; text_color=\u00bbdark\u00bb text_align=\u00bbleft\u00bb row_border_radius=\u00bbnone\u00bb row_border_radius_applies=\u00bbbg\u00bb overflow=\u00bbvisible\u00bb overlay_strength=\u00bb0.3&#8243; gradient_direction=\u00bbleft_to_right\u00bb shape_divider_position=\u00bbbottom\u00bb bg_image_animation=\u00bbnone\u00bb gradient_type=\u00bbdefault\u00bb shape_type=\u00bb\u00bb][vc_column column_padding=\u00bbno-extra-padding\u00bb column_padding_tablet=\u00bbinherit\u00bb column_padding_phone=\u00bbinherit\u00bb column_padding_position=\u00bball\u00bb column_element_direction_desktop=\u00bbdefault\u00bb column_element_spacing=\u00bbdefault\u00bb desktop_text_alignment=\u00bbdefault\u00bb tablet_text_alignment=\u00bbdefault\u00bb phone_text_alignment=\u00bbdefault\u00bb&#8230;<\/p>\n","protected":false},"author":1,"featured_media":0,"parent":0,"menu_order":33,"comment_status":"open","ping_status":"closed","template":"","meta":{"footnotes":""},"class_list":["post-596","page","type-page","status-publish"],"_links":{"self":[{"href":"https:\/\/www.coroleabogados.com\/index.php\/wp-json\/wp\/v2\/pages\/596","targetHints":{"allow":["GET"]}}],"collection":[{"href":"https:\/\/www.coroleabogados.com\/index.php\/wp-json\/wp\/v2\/pages"}],"about":[{"href":"https:\/\/www.coroleabogados.com\/index.php\/wp-json\/wp\/v2\/types\/page"}],"author":[{"embeddable":true,"href":"https:\/\/www.coroleabogados.com\/index.php\/wp-json\/wp\/v2\/users\/1"}],"replies":[{"embeddable":true,"href":"https:\/\/www.coroleabogados.com\/index.php\/wp-json\/wp\/v2\/comments?post=596"}],"version-history":[{"count":21,"href":"https:\/\/www.coroleabogados.com\/index.php\/wp-json\/wp\/v2\/pages\/596\/revisions"}],"predecessor-version":[{"id":2868,"href":"https:\/\/www.coroleabogados.com\/index.php\/wp-json\/wp\/v2\/pages\/596\/revisions\/2868"}],"wp:attachment":[{"href":"https:\/\/www.coroleabogados.com\/index.php\/wp-json\/wp\/v2\/media?parent=596"}],"curies":[{"name":"wp","href":"https:\/\/api.w.org\/{rel}","templated":true}]}}